{"id":138,"date":"2023-03-29T16:00:31","date_gmt":"2023-03-29T16:00:31","guid":{"rendered":"https:\/\/deporteadaptadoaragon.com\/?page_id=138"},"modified":"2023-11-28T18:06:08","modified_gmt":"2023-11-28T18:06:08","slug":"actividades","status":"publish","type":"page","link":"https:\/\/deporteadaptadoaragon.com\/index.php\/actividades\/","title":{"rendered":"Actividades"},"content":{"rendered":"<p>[et_pb_section fb_built=\u00bb1&#8243; _builder_version=\u00bb4.20.2&#8243; _module_preset=\u00bbdefault\u00bb custom_padding=\u00bb||0px|||\u00bb global_colors_info=\u00bb{}\u00bb][et_pb_row column_structure=\u00bb1_2,1_2&#8243; _builder_version=\u00bb4.20.2&#8243; _module_preset=\u00bbdefault\u00bb custom_margin=\u00bb-49px|69px||auto||\u00bb custom_padding=\u00bb|0px|0px|0px||\u00bb global_module=\u00bb131&#8243; saved_tabs=\u00bball\u00bb global_colors_info=\u00bb{}\u00bb][et_pb_column type=\u00bb1_2&#8243; _builder_version=\u00bb4.20.2&#8243; _module_preset=\u00bbdefault\u00bb global_colors_info=\u00bb{}\u00bb][et_pb_image src=\u00bbhttps:\/\/deporteadaptadoaragon.com\/wp-content\/uploads\/2023\/11\/img9.jpg\u00bb title_text=\u00bbimg9&#8243; _builder_version=\u00bb4.23.1&#8243; _module_preset=\u00bbdefault\u00bb global_colors_info=\u00bb{}\u00bb][\/et_pb_image][\/et_pb_column][et_pb_column type=\u00bb1_2&#8243; _builder_version=\u00bb4.20.2&#8243; _module_preset=\u00bbdefault\u00bb global_colors_info=\u00bb{}\u00bb][et_pb_menu _builder_version=\u00bb4.20.2&#8243; _module_preset=\u00bbdefault\u00bb menu_font=\u00bb|700|||||||\u00bb background_color=\u00bbRGBA(255,255,255,0)\u00bb text_orientation=\u00bbright\u00bb custom_padding=\u00bb|0px||56px||\u00bb global_colors_info=\u00bb{}\u00bb][\/et_pb_menu][\/et_pb_column][\/et_pb_row][\/et_pb_section][et_pb_section fb_built=\u00bb1&#8243; admin_label=\u00bbHeader\u00bb _builder_version=\u00bb4.20.2&#8243; background_image=\u00bbhttps:\/\/deporteadaptadoaragon.com\/wp-content\/uploads\/2023\/03\/IMG_20220115_085842_140.jpg\u00bb background_position=\u00bbbottom_left\u00bb custom_padding=\u00bb8vw||8vw||true|false\u00bb locked=\u00bboff\u00bb global_colors_info=\u00bb{}\u00bb][et_pb_row _builder_version=\u00bb4.16&#8243; z_index=\u00bb20&#8243; locked=\u00bboff\u00bb global_colors_info=\u00bb{}\u00bb][et_pb_column type=\u00bb4_4&#8243; _builder_version=\u00bb4.16&#8243; global_colors_info=\u00bb{}\u00bb][et_pb_text _builder_version=\u00bb4.20.2&#8243; header_2_font=\u00bbMontserrat|900|on||||||\u00bb header_2_font_size=\u00bb112px\u00bb background_layout=\u00bbdark\u00bb max_width=\u00bb900px\u00bb custom_margin=\u00bb||||false|false\u00bb header_2_font_size_tablet=\u00bb56px\u00bb header_2_font_size_phone=\u00bb32px\u00bb header_2_font_size_last_edited=\u00bbon|desktop\u00bb locked=\u00bboff\u00bb global_colors_info=\u00bb{}\u00bb]<\/p>\n<h2>ACTIVIDADES<\/h2>\n<p>[\/et_pb_text][et_pb_text _builder_version=\u00bb4.20.2&#8243; _module_preset=\u00bbdefault\u00bb text_text_color=\u00bb#FFFFFF\u00bb header_3_text_color=\u00bb#FFFFFF\u00bb global_colors_info=\u00bb{}\u00bb]<\/p>\n<h3 style=\"text-align: left;\"><span>Seg\u00fan en la \u00e9poca del a\u00f1o que nos encontremos, podremos practicar un deporte diferente.<\/span><\/h3>\n<p>[\/et_pb_text][et_pb_button button_url=\u00bbhttps:\/\/api.whatsapp.com\/send?phone=https:\/\/api.whatsapp.com\/send?phone=34633410593&#038;text=Hola!%20Somos%20DAVA,%20%C2%BFen%20que%20podemos%20ayudarte?\u00bb url_new_window=\u00bbon\u00bb button_text=\u00bb\u00bfTE GUSTAR\u00cdA PROBAR?\u00bb button_alignment=\u00bbcenter\u00bb _builder_version=\u00bb4.20.4&#8243; _module_preset=\u00bbdefault\u00bb custom_button=\u00bbon\u00bb button_text_size=\u00bb14px\u00bb button_text_color=\u00bb#000000&#8243; button_bg_color=\u00bb#ffc602&#8243; button_border_color=\u00bbrgba(0,0,0,0)\u00bb button_border_radius=\u00bb0px\u00bb button_letter_spacing=\u00bb2px\u00bb button_font=\u00bbMontserrat|700||on|||||\u00bb button_icon=\u00bb&#x24;||divi||400&#8243; background_layout=\u00bbdark\u00bb custom_margin=\u00bb30px||||false|false\u00bb custom_padding=\u00bb15px|40px|15px|40px|true|true\u00bb global_colors_info=\u00bb{}\u00bb][\/et_pb_button][\/et_pb_column][\/et_pb_row][\/et_pb_section][et_pb_section fb_built=\u00bb1&#8243; _builder_version=\u00bb4.20.2&#8243; _module_preset=\u00bbdefault\u00bb global_colors_info=\u00bb{}\u00bb][et_pb_row _builder_version=\u00bb4.20.2&#8243; _module_preset=\u00bbdefault\u00bb global_colors_info=\u00bb{}\u00bb][et_pb_column type=\u00bb4_4&#8243; _builder_version=\u00bb4.20.2&#8243; _module_preset=\u00bbdefault\u00bb global_colors_info=\u00bb{}\u00bb][et_pb_text _builder_version=\u00bb4.20.2&#8243; _module_preset=\u00bbdefault\u00bb global_colors_info=\u00bb{}\u00bb]<\/p>\n<h1 class=\"elementor-heading-title elementor-size-default\"><strong>Esqu\u00ed alpino personalizado<\/strong> <img loading=\"lazy\" decoding=\"async\" draggable=\"false\" role=\"img\" class=\"emoji\" alt=\"\ud83c\udfd4\" src=\"https:\/\/s.w.org\/images\/core\/emoji\/14.0.0\/svg\/1f3d4.svg\" width=\"28\" height=\"28\" \/><\/h1>\n<p>[\/et_pb_text][\/et_pb_column][\/et_pb_row][et_pb_row column_structure=\u00bb1_2,1_2&#8243; _builder_version=\u00bb4.20.2&#8243; _module_preset=\u00bbdefault\u00bb global_colors_info=\u00bb{}\u00bb][et_pb_column type=\u00bb1_2&#8243; _builder_version=\u00bb4.20.2&#8243; _module_preset=\u00bbdefault\u00bb global_colors_info=\u00bb{}\u00bb][et_pb_image src=\u00bbhttps:\/\/deporteadaptadoaragon.com\/wp-content\/uploads\/2023\/03\/DAVA2.jpg\u00bb title_text=\u00bbDAVA2&#8243; _builder_version=\u00bb4.20.2&#8243; _module_preset=\u00bbdefault\u00bb global_colors_info=\u00bb{}\u00bb][\/et_pb_image][et_pb_text _builder_version=\u00bb4.20.2&#8243; _module_preset=\u00bbdefault\u00bb global_colors_info=\u00bb{}\u00bb]<\/p>\n<div class=\"elementor-element elementor-element-3ad96def elementor-widget elementor-widget-heading\" data-id=\"3ad96def\" data-element_type=\"widget\" data-widget_type=\"heading.default\">\n<div class=\"elementor-widget-container\">\n<h2 class=\"elementor-heading-title elementor-size-default\"><strong>CLASES DE ESQU\u00cd PERSONALIZADAS<\/strong><\/h2>\n<\/div>\n<\/div>\n<div class=\"elementor-element elementor-element-0dde927 elementor-widget elementor-widget-text-editor\" data-id=\"0dde927\" data-element_type=\"widget\" data-widget_type=\"text-editor.default\">\n<div class=\"elementor-widget-container\">\n<p><span>Nuestras clases se distinguen por el aprendizaje significativo de la t\u00e9cnica del esqu\u00ed utilizando metodolog\u00edas de ense\u00f1anza innovadoras por medio de juegos y ejercicios t\u00e9cnicos. Las actividades son adaptadas a cada alumno\/a, edad, nivel y sus necesidades para garantizar un aprendizaje ameno y r\u00e1pido con el objetivo de que el alumno\/a saque el m\u00e1ximo provecho de su tiempo de clase.<\/span><\/p>\n<\/div>\n<\/div>\n<p>[\/et_pb_text][\/et_pb_column][et_pb_column type=\u00bb1_2&#8243; _builder_version=\u00bb4.20.2&#8243; _module_preset=\u00bbdefault\u00bb global_colors_info=\u00bb{}\u00bb][et_pb_text _builder_version=\u00bb4.23.1&#8243; _module_preset=\u00bbdefault\u00bb custom_margin=\u00bb92px|||||\u00bb global_colors_info=\u00bb{}\u00bb]<\/p>\n<div class=\"elementor-element elementor-element-56bda35a elementor-widget elementor-widget-heading\" data-id=\"56bda35a\" data-element_type=\"widget\" data-widget_type=\"heading.default\">\n<div class=\"elementor-widget-container\">\n<h2 class=\"elementor-heading-title elementor-size-default\"><strong>MODALIDAES DE ESQU\u00cd SEG\u00daN NIVEL<\/strong><\/h2>\n<\/div>\n<\/div>\n<div class=\"elementor-element elementor-element-a87bc18 elementor-widget elementor-widget-text-editor\" data-id=\"a87bc18\" data-element_type=\"widget\" data-widget_type=\"text-editor.default\">\n<div class=\"elementor-widget-container\">\n<p><span><strong><img loading=\"lazy\" decoding=\"async\" draggable=\"false\" role=\"img\" class=\"emoji\" alt=\"\ud83d\udc49\" src=\"https:\/\/s.w.org\/images\/core\/emoji\/14.0.0\/svg\/1f449.svg\" width=\"17\" height=\"17\" \/>\u00a0Debutantes<\/strong>: Primera toma de contacto con los deportes de invierno.<\/span><\/p>\n<p><span><strong><img loading=\"lazy\" decoding=\"async\" draggable=\"false\" role=\"img\" class=\"emoji\" alt=\"\ud83d\udc49\" src=\"https:\/\/s.w.org\/images\/core\/emoji\/14.0.0\/svg\/1f449.svg\" width=\"18\" height=\"18\" \/>\u00a0Iniciaci\u00f3n<\/strong>: Afianzar los conocimientos adquiridos en pista y mejorar en la ejecuci\u00f3n de los movimientos.<\/span><\/p>\n<p><span><strong><img loading=\"lazy\" decoding=\"async\" draggable=\"false\" role=\"img\" class=\"emoji\" alt=\"\ud83d\udc49\" src=\"https:\/\/s.w.org\/images\/core\/emoji\/14.0.0\/svg\/1f449.svg\" width=\"19\" height=\"19\" \/>\u00a0Perfeccionamiento<\/strong>: T\u00e9cnica de esqu\u00ed alpino depurada por medio de ejercicios que mejoren nuestro equilibrio y posici\u00f3n. An\u00e1lisis del movimiento y ejecuci\u00f3n de correcciones.<\/span><\/p>\n<p><span><strong><img loading=\"lazy\" decoding=\"async\" draggable=\"false\" role=\"img\" class=\"emoji\" alt=\"\ud83d\udc49\" src=\"https:\/\/s.w.org\/images\/core\/emoji\/14.0.0\/svg\/1f449.svg\" width=\"21\" height=\"21\" \/>\u00a0Freestyle<\/strong>: Mejora en saltos y rail en el snowpark de ast\u00fan.<\/span><\/p>\n<p><span><strong><img loading=\"lazy\" decoding=\"async\" draggable=\"false\" role=\"img\" class=\"emoji\" alt=\"\ud83d\udc49\" src=\"https:\/\/s.w.org\/images\/core\/emoji\/14.0.0\/svg\/1f449.svg\" width=\"19\" height=\"19\" \/>\u00a0Freeride o esqu\u00ed de monta\u00f1a:<\/strong>\u00a0Disfruta de las mejores bajadas por el dominio esquiable de los 100km que ofrece el valle del Arag\u00f3n.<\/span><\/p>\n<\/div>\n<\/div>\n<p>[\/et_pb_text][et_pb_button button_url=\u00bb@ET-DC@eyJkeW5hbWljIjp0cnVlLCJjb250ZW50IjoicG9zdF9saW5rX3VybF9wYWdlIiwic2V0dGluZ3MiOnsicG9zdF9pZCI6IjEzMyJ9fQ==@\u00bb button_text=\u00bbContacta\u00bb button_alignment=\u00bbcenter\u00bb _builder_version=\u00bb4.20.4&#8243; _dynamic_attributes=\u00bbbutton_url\u00bb _module_preset=\u00bbdefault\u00bb custom_button=\u00bbon\u00bb button_text_size=\u00bb14px\u00bb button_text_color=\u00bb#000000&#8243; button_bg_color=\u00bb#ffc602&#8243; button_border_color=\u00bbrgba(0,0,0,0)\u00bb button_border_radius=\u00bb0px\u00bb button_letter_spacing=\u00bb2px\u00bb button_font=\u00bbMontserrat|700||on|||||\u00bb button_icon=\u00bb&#x24;||divi||400&#8243; background_layout=\u00bbdark\u00bb custom_margin=\u00bb30px||||false|false\u00bb custom_padding=\u00bb15px|40px|15px|40px|true|true\u00bb locked=\u00bboff\u00bb global_colors_info=\u00bb{}\u00bb][\/et_pb_button][\/et_pb_column][\/et_pb_row][\/et_pb_section][et_pb_section fb_built=\u00bb1&#8243; _builder_version=\u00bb4.20.2&#8243; _module_preset=\u00bbdefault\u00bb global_colors_info=\u00bb{}\u00bb][et_pb_row _builder_version=\u00bb4.20.2&#8243; _module_preset=\u00bbdefault\u00bb global_colors_info=\u00bb{}\u00bb][et_pb_column type=\u00bb4_4&#8243; _builder_version=\u00bb4.20.2&#8243; _module_preset=\u00bbdefault\u00bb global_colors_info=\u00bb{}\u00bb][et_pb_text _builder_version=\u00bb4.20.2&#8243; _module_preset=\u00bbdefault\u00bb global_colors_info=\u00bb{}\u00bb]<\/p>\n<h1 class=\"elementor-heading-title elementor-size-default\"><strong>Esqu\u00ed adapatado<\/strong> <img loading=\"lazy\" decoding=\"async\" draggable=\"false\" role=\"img\" class=\"emoji\" alt=\"\ud83c\udfd4\" src=\"https:\/\/s.w.org\/images\/core\/emoji\/14.0.0\/svg\/1f3d4.svg\" width=\"28\" height=\"28\" \/><\/h1>\n<p>[\/et_pb_text][\/et_pb_column][\/et_pb_row][et_pb_row column_structure=\u00bb1_3,1_3,1_3&#8243; _builder_version=\u00bb4.20.2&#8243; _module_preset=\u00bbdefault\u00bb global_colors_info=\u00bb{}\u00bb][et_pb_column type=\u00bb1_3&#8243; _builder_version=\u00bb4.20.2&#8243; _module_preset=\u00bbdefault\u00bb global_colors_info=\u00bb{}\u00bb][et_pb_image src=\u00bbhttps:\/\/deporteadaptadoaragon.com\/wp-content\/uploads\/2023\/03\/deporte-adapatado-aragon-pirineo.jpg\u00bb title_text=\u00bbdeporte-adapatado-aragon-pirineo\u00bb _builder_version=\u00bb4.20.2&#8243; _module_preset=\u00bbdefault\u00bb box_shadow_style=\u00bbpreset1&#8243; box_shadow_vertical=\u00bb10px\u00bb box_shadow_blur=\u00bb20px\u00bb global_colors_info=\u00bb{}\u00bb][\/et_pb_image][et_pb_text _builder_version=\u00bb4.20.2&#8243; _module_preset=\u00bbdefault\u00bb global_colors_info=\u00bb{}\u00bb]<\/p>\n<div class=\"elementor-element elementor-element-b06c226 elementor-widget elementor-widget-heading\" data-id=\"b06c226\" data-element_type=\"widget\" data-widget_type=\"heading.default\">\n<div class=\"elementor-widget-container\">\n<h2 class=\"elementor-heading-title elementor-size-default\">MONO SKI &#8211; DUAL SKI<\/h2>\n<\/div>\n<\/div>\n<div class=\"elementor-element elementor-element-7e1f1ec elementor-widget elementor-widget-text-editor\" data-id=\"7e1f1ec\" data-element_type=\"widget\" data-widget_type=\"text-editor.default\">\n<div class=\"elementor-widget-container\" style=\"text-align: justify;\"><span>Los esquiadores se deslizan por la nieve gracias a un chasis con suspensi\u00f3n unido a un asiento de fibra de vidrio acolchado con espuma termoformable, en la base podremos encontrar un esqu\u00ed (monoesqu\u00ed) o dos esqu\u00eds (dualesqu\u00ed). Esta variaci\u00f3n en el n\u00famero de esqu\u00eds va en funci\u00f3n de la discapacidad y equilibrio que tenga cada\u00a0participante.<\/span><\/div>\n<\/div>\n<p>[\/et_pb_text][\/et_pb_column][et_pb_column type=\u00bb1_3&#8243; _builder_version=\u00bb4.20.2&#8243; _module_preset=\u00bbdefault\u00bb global_colors_info=\u00bb{}\u00bb][et_pb_image src=\u00bbhttps:\/\/deporteadaptadoaragon.com\/wp-content\/uploads\/2023\/03\/DAVA8.jpg\u00bb title_text=\u00bbDAVA8&#8243; _builder_version=\u00bb4.20.2&#8243; _module_preset=\u00bbdefault\u00bb box_shadow_style=\u00bbpreset1&#8243; box_shadow_vertical=\u00bb10px\u00bb box_shadow_blur=\u00bb20px\u00bb global_colors_info=\u00bb{}\u00bb][\/et_pb_image][et_pb_text _builder_version=\u00bb4.23.1&#8243; _module_preset=\u00bbdefault\u00bb custom_margin=\u00bb-2px|||||\u00bb global_colors_info=\u00bb{}\u00bb]<\/p>\n<div class=\"elementor-element elementor-element-b69e438 elementor-widget elementor-widget-heading\" data-id=\"b69e438\" data-element_type=\"widget\" data-widget_type=\"heading.default\">\n<div class=\"elementor-widget-container\">\n<h2 class=\"elementor-heading-title elementor-size-default\">BAQUETTE<\/h2>\n<\/div>\n<\/div>\n<div class=\"elementor-element elementor-element-3e2fd86 elementor-widget elementor-widget-text-editor\" data-id=\"3e2fd86\" data-element_type=\"widget\" data-widget_type=\"text-editor.default\">\n<div class=\"elementor-widget-container\" style=\"text-align: justify;\"><span>El esquiador va sobre un dualesqu\u00ed, con un asiento con respaldo alto de fibra de vidrio y acolchado con espuma y asegurado gracias a cuatro cinturones de seguridad. El monitor gracias a la barra de pilotaje dirige la silla con gran maniobrabilidad, pudiendo esquiar con los alumnos por cualquier tipo de pistas.<\/span><\/div>\n<\/div>\n<p>[\/et_pb_text][\/et_pb_column][et_pb_column type=\u00bb1_3&#8243; _builder_version=\u00bb4.20.2&#8243; _module_preset=\u00bbdefault\u00bb global_colors_info=\u00bb{}\u00bb][et_pb_image src=\u00bbhttps:\/\/deporteadaptadoaragon.com\/wp-content\/uploads\/2023\/03\/estabilos1.jpg\u00bb title_text=\u00bbestabilos1&#8243; _builder_version=\u00bb4.20.2&#8243; _module_preset=\u00bbdefault\u00bb box_shadow_style=\u00bbpreset1&#8243; box_shadow_vertical=\u00bb10px\u00bb box_shadow_blur=\u00bb20px\u00bb global_colors_info=\u00bb{}\u00bb][\/et_pb_image][et_pb_text _builder_version=\u00bb4.20.2&#8243; _module_preset=\u00bbdefault\u00bb global_colors_info=\u00bb{}\u00bb]<\/p>\n<div class=\"elementor-element elementor-element-28894df elementor-widget elementor-widget-heading\" data-id=\"28894df\" data-element_type=\"widget\" data-widget_type=\"heading.default\">\n<div class=\"elementor-widget-container\">\n<h2 class=\"elementor-heading-title elementor-size-default\">3 HUELLAS<\/h2>\n<\/div>\n<\/div>\n<div class=\"elementor-element elementor-element-98bac6f elementor-widget elementor-widget-text-editor\" data-id=\"98bac6f\" data-element_type=\"widget\" data-widget_type=\"text-editor.default\">\n<div class=\"elementor-widget-container\" style=\"text-align: justify;\"><span>Modalidad de esqu\u00ed adaptado para personas que sufren alg\u00fan tipo de discapacidad en el tren superior o inferior. Con independencia del tipo de lesi\u00f3n, el esquiador permanecer\u00e1 en un solo esqu\u00ed y mantendr\u00e1 el equilibrio din\u00e1mico con la ayuda de los estabilos largos que constituyen un sistema de equilibrio de tres puntos.<\/span><\/div>\n<\/div>\n<p>[\/et_pb_text][\/et_pb_column][\/et_pb_row][et_pb_row column_structure=\u00bb1_2,1_2&#8243; _builder_version=\u00bb4.20.2&#8243; _module_preset=\u00bbdefault\u00bb global_colors_info=\u00bb{}\u00bb][et_pb_column type=\u00bb1_2&#8243; _builder_version=\u00bb4.20.2&#8243; _module_preset=\u00bbdefault\u00bb global_colors_info=\u00bb{}\u00bb][et_pb_image src=\u00bbhttps:\/\/deporteadaptadoaragon.com\/wp-content\/uploads\/2023\/03\/stabilos.jpg\u00bb title_text=\u00bbstabilos\u00bb _builder_version=\u00bb4.23.1&#8243; _module_preset=\u00bbdefault\u00bb global_colors_info=\u00bb{}\u00bb][\/et_pb_image][et_pb_text _builder_version=\u00bb4.23.1&#8243; _module_preset=\u00bbdefault\u00bb global_colors_info=\u00bb{}\u00bb]<\/p>\n<div class=\"elementor-element elementor-element-1f0e1587 elementor-widget elementor-widget-heading\" data-id=\"1f0e1587\" data-element_type=\"widget\" data-widget_type=\"heading.default\">\n<div class=\"elementor-widget-container\">\n<h2 class=\"elementor-heading-title elementor-size-default\">4 HUELLAS<\/h2>\n<\/div>\n<\/div>\n<div class=\"elementor-element elementor-element-c4c8bdf elementor-widget elementor-widget-text-editor\" data-id=\"c4c8bdf\" data-element_type=\"widget\" data-widget_type=\"text-editor.default\">\n<div class=\"elementor-widget-container\" style=\"text-align: justify;\"><span><br \/>Los candidatos a esquiar en 4 huellas son aquellos con deficiencias en la movilidad, que precisan estabilos largos o un andador para lograr la estabilidad en la practica del esqu\u00ed.<\/span><\/div>\n<\/div>\n<p>[\/et_pb_text][\/et_pb_column][et_pb_column type=\u00bb1_2&#8243; _builder_version=\u00bb4.20.2&#8243; _module_preset=\u00bbdefault\u00bb global_colors_info=\u00bb{}\u00bb][et_pb_image src=\u00bbhttps:\/\/deporteadaptadoaragon.com\/wp-content\/uploads\/2023\/03\/IMG-20220314-WA0019-dava-1.jpg\u00bb title_text=\u00bbIMG-20220314-WA0019-dava-1&#8243; align=\u00bbcenter\u00bb _builder_version=\u00bb4.20.2&#8243; _module_preset=\u00bbdefault\u00bb module_alignment=\u00bbcenter\u00bb max_height=\u00bb370px\u00bb global_colors_info=\u00bb{}\u00bb][\/et_pb_image][et_pb_text _builder_version=\u00bb4.20.2&#8243; _module_preset=\u00bbdefault\u00bb global_colors_info=\u00bb{}\u00bb]<\/p>\n<div class=\"elementor-element elementor-element-4c700e04 elementor-widget elementor-widget-heading\" data-id=\"4c700e04\" data-element_type=\"widget\" data-widget_type=\"heading.default\">\n<div class=\"elementor-widget-container\">\n<h2 class=\"elementor-heading-title elementor-size-default\">ESQU\u00cd DISCAPACIDAD VISUAL<\/h2>\n<\/div>\n<\/div>\n<div class=\"elementor-element elementor-element-a7c1c5c elementor-widget elementor-widget-text-editor\" data-id=\"a7c1c5c\" data-element_type=\"widget\" data-widget_type=\"text-editor.default\">\n<div class=\"elementor-widget-container\">\n<p class=\"western\" style=\"text-align: justify;\"><span>Proporcionamos a nuestros clientes un micro y un pinganillo al igual que a sus gu\u00edas, de forma que se pueda transmitir informaci\u00f3n sobre el estado de la nieve, desnivel, entorno que nos rodea, pudiendo hacer un seguimiento a trav\u00e9s de la voz y estableciendo un c\u00f3digo de comunicaci\u00f3n gu\u00eda-esquiador.<\/span><\/p>\n<\/div>\n<\/div>\n<p>[\/et_pb_text][\/et_pb_column][\/et_pb_row][et_pb_row column_structure=\u00bb1_2,1_2&#8243; _builder_version=\u00bb4.20.2&#8243; _module_preset=\u00bbdefault\u00bb global_colors_info=\u00bb{}\u00bb][et_pb_column type=\u00bb1_2&#8243; _builder_version=\u00bb4.20.2&#8243; _module_preset=\u00bbdefault\u00bb global_colors_info=\u00bb{}\u00bb][et_pb_image src=\u00bbhttps:\/\/deporteadaptadoaragon.com\/wp-content\/uploads\/2023\/11\/snowkart.webp\u00bb title_text=\u00bbsnowkart\u00bb _builder_version=\u00bb4.23.1&#8243; _module_preset=\u00bbdefault\u00bb hover_enabled=\u00bb0&#8243; global_colors_info=\u00bb{}\u00bb sticky_enabled=\u00bb0&#8243;][\/et_pb_image][et_pb_text _builder_version=\u00bb4.23.1&#8243; _module_preset=\u00bbdefault\u00bb hover_enabled=\u00bb0&#8243; global_colors_info=\u00bb{}\u00bb sticky_enabled=\u00bb0&#8243;]<\/p>\n<div class=\"elementor-element elementor-element-1f0e1587 elementor-widget elementor-widget-heading\" data-id=\"1f0e1587\" data-element_type=\"widget\" data-widget_type=\"heading.default\">\n<div class=\"elementor-widget-container\">\n<h2 class=\"elementor-heading-title elementor-size-default\">KART-SKI<\/h2>\n<\/div>\n<\/div>\n<div class=\"elementor-element elementor-element-c4c8bdf elementor-widget elementor-widget-text-editor\" data-id=\"c4c8bdf\" data-element_type=\"widget\" data-widget_type=\"text-editor.default\">\n<div class=\"elementor-widget-container\" style=\"text-align: justify;\"><span>Modalidad de esqu\u00ed adaptado para personas con limitaciones severas en el tren inferior y con restos de movilidad en el tren superior, pudiendo deslizarse por la nieve con la ayuda de un profesor.<\/span><\/div>\n<\/div>\n<p>[\/et_pb_text][\/et_pb_column][et_pb_column type=\u00bb1_2&#8243; _builder_version=\u00bb4.20.2&#8243; _module_preset=\u00bbdefault\u00bb global_colors_info=\u00bb{}\u00bb][et_pb_image src=\u00bbhttps:\/\/deporteadaptadoaragon.com\/wp-content\/uploads\/2023\/11\/snowboard.jpg\u00bb title_text=\u00bbsnowboard\u00bb align=\u00bbcenter\u00bb _builder_version=\u00bb4.23.1&#8243; _module_preset=\u00bbdefault\u00bb module_alignment=\u00bbcenter\u00bb max_height=\u00bb370px\u00bb hover_enabled=\u00bb0&#8243; global_colors_info=\u00bb{}\u00bb sticky_enabled=\u00bb0&#8243;][\/et_pb_image][et_pb_text _builder_version=\u00bb4.23.1&#8243; _module_preset=\u00bbdefault\u00bb hover_enabled=\u00bb0&#8243; global_colors_info=\u00bb{}\u00bb sticky_enabled=\u00bb0&#8243;]<\/p>\n<div class=\"elementor-element elementor-element-4c700e04 elementor-widget elementor-widget-heading\" data-id=\"4c700e04\" data-element_type=\"widget\" data-widget_type=\"heading.default\">\n<div class=\"elementor-widget-container\">\n<h2 class=\"elementor-heading-title elementor-size-default\">SNOWBOARD ADAPTADO<\/h2>\n<\/div>\n<\/div>\n<div class=\"elementor-element elementor-element-a7c1c5c elementor-widget elementor-widget-text-editor\" data-id=\"a7c1c5c\" data-element_type=\"widget\" data-widget_type=\"text-editor.default\">\n<div class=\"elementor-widget-container\">\n<p class=\"western\" style=\"text-align: justify;\"><span>Proporcionamos a nuestros clientes una experiencia \u00fanica en la nieve, gracias a la modalidad de snowboard. Gracias a una botavara, realizamos el apoyo a nuestro deportistas para que sientan como surfean la nieve.<\/span><\/p>\n<\/div>\n<\/div>\n<p>[\/et_pb_text][\/et_pb_column][\/et_pb_row][et_pb_row _builder_version=\u00bb4.20.2&#8243; _module_preset=\u00bbdefault\u00bb global_colors_info=\u00bb{}\u00bb][et_pb_column type=\u00bb4_4&#8243; _builder_version=\u00bb4.20.2&#8243; _module_preset=\u00bbdefault\u00bb global_colors_info=\u00bb{}\u00bb][et_pb_button button_url=\u00bb@ET-DC@eyJkeW5hbWljIjp0cnVlLCJjb250ZW50IjoicG9zdF9saW5rX3VybF9wYWdlIiwic2V0dGluZ3MiOnsicG9zdF9pZCI6IjEzMyJ9fQ==@\u00bb button_text=\u00bbM\u00e0s info\u00bb button_alignment=\u00bbcenter\u00bb _builder_version=\u00bb4.20.4&#8243; _dynamic_attributes=\u00bbbutton_url\u00bb _module_preset=\u00bbdefault\u00bb custom_button=\u00bbon\u00bb button_text_size=\u00bb14px\u00bb button_text_color=\u00bb#000000&#8243; button_bg_color=\u00bb#ffc602&#8243; button_border_color=\u00bbrgba(0,0,0,0)\u00bb button_border_radius=\u00bb0px\u00bb button_letter_spacing=\u00bb2px\u00bb button_font=\u00bbMontserrat|700||on|||||\u00bb button_icon=\u00bb&#x24;||divi||400&#8243; background_layout=\u00bbdark\u00bb custom_margin=\u00bb30px||||false|false\u00bb custom_padding=\u00bb15px|40px|15px|40px|true|true\u00bb locked=\u00bboff\u00bb global_colors_info=\u00bb{}\u00bb][\/et_pb_button][\/et_pb_column][\/et_pb_row][\/et_pb_section][et_pb_section fb_built=\u00bb1&#8243; _builder_version=\u00bb4.20.2&#8243; _module_preset=\u00bbdefault\u00bb global_colors_info=\u00bb{}\u00bb][et_pb_row _builder_version=\u00bb4.20.2&#8243; _module_preset=\u00bbdefault\u00bb global_colors_info=\u00bb{}\u00bb][et_pb_column type=\u00bb4_4&#8243; _builder_version=\u00bb4.20.2&#8243; _module_preset=\u00bbdefault\u00bb global_colors_info=\u00bb{}\u00bb][et_pb_text _builder_version=\u00bb4.20.2&#8243; _module_preset=\u00bbdefault\u00bb global_colors_info=\u00bb{}\u00bb]<\/p>\n<h1 class=\"elementor-heading-title elementor-size-default\"><strong>Resto del a\u00f1o<\/strong><span>\u00a0<\/span><img loading=\"lazy\" decoding=\"async\" draggable=\"false\" role=\"img\" class=\"emoji\" alt=\"\ud83c\udfde\" src=\"https:\/\/s.w.org\/images\/core\/emoji\/14.0.0\/svg\/1f3de.svg\" width=\"29\" height=\"29\" \/><span>\u00a0<\/span><img loading=\"lazy\" decoding=\"async\" draggable=\"false\" role=\"img\" class=\"emoji\" alt=\"\ud83c\udf05\" src=\"https:\/\/s.w.org\/images\/core\/emoji\/14.0.0\/svg\/1f305.svg\" width=\"29\" height=\"29\" \/><\/h1>\n<p>[\/et_pb_text][\/et_pb_column][\/et_pb_row][et_pb_row column_structure=\u00bb3_4,1_4&#8243; _builder_version=\u00bb4.20.2&#8243; _module_preset=\u00bbdefault\u00bb global_colors_info=\u00bb{}\u00bb][et_pb_column type=\u00bb3_4&#8243; _builder_version=\u00bb4.20.2&#8243; _module_preset=\u00bbdefault\u00bb global_colors_info=\u00bb{}\u00bb][et_pb_text _builder_version=\u00bb4.20.2&#8243; _module_preset=\u00bbdefault\u00bb global_colors_info=\u00bb{}\u00bb]<\/p>\n<p style=\"text-align: justify;\"><span>Desde DAVA os ponemos en contacto con OTRAS ENTIDADES DEPORTIVAS ADAPTADAS. Proporcionamos a nuestros usuarios la informaci\u00f3n necesaria de multitud de actividades en el medio natural, recomendando diferentes empresas que os ofrecer\u00e1n las siguientes actividades:<\/span><\/p>\n<p>[\/et_pb_text][\/et_pb_column][et_pb_column type=\u00bb1_4&#8243; _builder_version=\u00bb4.20.2&#8243; _module_preset=\u00bbdefault\u00bb global_colors_info=\u00bb{}\u00bb][et_pb_button button_url=\u00bb@ET-DC@eyJkeW5hbWljIjp0cnVlLCJjb250ZW50IjoicG9zdF9saW5rX3VybF9wYWdlIiwic2V0dGluZ3MiOnsicG9zdF9pZCI6IjEzMyJ9fQ==@\u00bb button_text=\u00bbContacta\u00bb button_alignment=\u00bbcenter\u00bb _builder_version=\u00bb4.20.4&#8243; _dynamic_attributes=\u00bbbutton_url\u00bb _module_preset=\u00bbdefault\u00bb custom_button=\u00bbon\u00bb button_text_size=\u00bb14px\u00bb button_text_color=\u00bb#000000&#8243; button_bg_color=\u00bb#ffc602&#8243; button_border_color=\u00bbrgba(0,0,0,0)\u00bb button_border_radius=\u00bb0px\u00bb button_letter_spacing=\u00bb2px\u00bb button_font=\u00bbMontserrat|700||on|||||\u00bb button_icon=\u00bb&#x24;||divi||400&#8243; background_layout=\u00bbdark\u00bb custom_margin=\u00bb-2px||||false|false\u00bb custom_padding=\u00bb15px|40px|15px|40px|true|true\u00bb locked=\u00bboff\u00bb global_colors_info=\u00bb{}\u00bb][\/et_pb_button][\/et_pb_column][\/et_pb_row][et_pb_row column_structure=\u00bb1_2,1_2&#8243; _builder_version=\u00bb4.20.2&#8243; _module_preset=\u00bbdefault\u00bb global_colors_info=\u00bb{}\u00bb][et_pb_column type=\u00bb1_2&#8243; _builder_version=\u00bb4.20.2&#8243; _module_preset=\u00bbdefault\u00bb global_colors_info=\u00bb{}\u00bb][et_pb_image src=\u00bbhttps:\/\/deporteadaptadoaragon.com\/wp-content\/uploads\/2023\/03\/Capa-2.jpg\u00bb title_text=\u00bbCapa-2&#8243; _builder_version=\u00bb4.20.2&#8243; _module_preset=\u00bbdefault\u00bb box_shadow_style=\u00bbpreset1&#8243; box_shadow_vertical=\u00bb10px\u00bb box_shadow_blur=\u00bb20px\u00bb global_colors_info=\u00bb{}\u00bb][\/et_pb_image][et_pb_text _builder_version=\u00bb4.20.2&#8243; _module_preset=\u00bbdefault\u00bb global_colors_info=\u00bb{}\u00bb]<\/p>\n<div class=\"elementor-element elementor-element-7297ee29 elementor-widget elementor-widget-heading\" data-id=\"7297ee29\" data-element_type=\"widget\" data-widget_type=\"heading.default\">\n<div class=\"elementor-widget-container\">\n<h2 class=\"elementor-heading-title elementor-size-default\">SENDERISMO<\/h2>\n<\/div>\n<\/div>\n<div class=\"elementor-element elementor-element-1778253f elementor-widget elementor-widget-text-editor\" data-id=\"1778253f\" data-element_type=\"widget\" data-widget_type=\"text-editor.default\">\n<div class=\"elementor-widget-container\">\n<ul>\n<li aria-level=\"1\"><span>Rutas por GR adaptado.<\/span><\/li>\n<li aria-level=\"1\"><span>Senderos accesible (Silla Jo\u00eblette)<\/span><\/li>\n<li aria-level=\"1\"><span>Oto\u00f1o \u2013 Primavera: Realizamos actividades en la naturaleza en funci\u00f3n de la \u00e9poca del a\u00f1o que nos encontramos. \u201cMicolog\u00eda\u201d , \u201cberrea\u201d,\u2026<\/span><\/li>\n<\/ul>\n<\/div>\n<\/div>\n<p>[\/et_pb_text][\/et_pb_column][et_pb_column type=\u00bb1_2&#8243; _builder_version=\u00bb4.20.2&#8243; _module_preset=\u00bbdefault\u00bb global_colors_info=\u00bb{}\u00bb][et_pb_image src=\u00bbhttps:\/\/deporteadaptadoaragon.com\/wp-content\/uploads\/2023\/03\/ACTIVIDADES_aDAPTADAS_ACUATICAS.jpg\u00bb title_text=\u00bbACTIVIDADES_aDAPTADAS_ACUATICAS\u00bb _builder_version=\u00bb4.20.2&#8243; _module_preset=\u00bbdefault\u00bb box_shadow_style=\u00bbpreset1&#8243; box_shadow_vertical=\u00bb10px\u00bb box_shadow_blur=\u00bb19px\u00bb global_colors_info=\u00bb{}\u00bb][\/et_pb_image][et_pb_text _builder_version=\u00bb4.23.1&#8243; _module_preset=\u00bbdefault\u00bb global_colors_info=\u00bb{}\u00bb]<\/p>\n<div class=\"elementor-element elementor-element-5a14724d elementor-widget elementor-widget-heading\" data-id=\"5a14724d\" data-element_type=\"widget\" data-widget_type=\"heading.default\">\n<div class=\"elementor-widget-container\">\n<h2 class=\"elementor-heading-title elementor-size-default\">OTRAS ACTIVIDADES<\/h2>\n<\/div>\n<\/div>\n<div class=\"elementor-element elementor-element-aaefd2f elementor-widget elementor-widget-text-editor\" data-id=\"aaefd2f\" data-element_type=\"widget\" data-widget_type=\"text-editor.default\">\n<div class=\"elementor-widget-container\">\n<p><span>*Desde DAVA os ponemos en contacto con otras empresas colaboradoras que realizan diversas actividades adaptadas en la naturaleza como:<\/span><\/p>\n<p><span>-Rio (Rafting\/ Pirag\u00fcismo) ,\u00a0<\/span><span>Barranco y v\u00edas ferratas.\u00a0<\/span><span>Playa (surf \/ windsurf)\u00a0<\/span><span>Padelsurf.\u00a0<\/span><span>Buceo.\u00a0<\/span><span>Arborismo y tirolinas.\u00a0<\/span><span>H\u00edpica.\u00a0<\/span><span>Escalada.<\/span><\/p>\n<\/div>\n<\/div>\n<p>[\/et_pb_text][\/et_pb_column][\/et_pb_row][et_pb_row _builder_version=\u00bb4.20.2&#8243; _module_preset=\u00bbdefault\u00bb global_colors_info=\u00bb{}\u00bb][et_pb_column type=\u00bb4_4&#8243; _builder_version=\u00bb4.20.2&#8243; _module_preset=\u00bbdefault\u00bb global_colors_info=\u00bb{}\u00bb][et_pb_button button_url=\u00bb@ET-DC@eyJkeW5hbWljIjp0cnVlLCJjb250ZW50IjoicG9zdF9saW5rX3VybF9wYWdlIiwic2V0dGluZ3MiOnsicG9zdF9pZCI6IjEzMyJ9fQ==@\u00bb button_text=\u00bbM\u00e0s info\u00bb button_alignment=\u00bbcenter\u00bb _builder_version=\u00bb4.20.4&#8243; _dynamic_attributes=\u00bbbutton_url\u00bb _module_preset=\u00bbdefault\u00bb custom_button=\u00bbon\u00bb button_text_size=\u00bb14px\u00bb button_text_color=\u00bb#000000&#8243; button_bg_color=\u00bb#ffc602&#8243; button_border_color=\u00bbrgba(0,0,0,0)\u00bb button_border_radius=\u00bb0px\u00bb button_letter_spacing=\u00bb2px\u00bb button_font=\u00bbMontserrat|700||on|||||\u00bb button_icon=\u00bb&#x24;||divi||400&#8243; background_layout=\u00bbdark\u00bb custom_margin=\u00bb30px||||false|false\u00bb custom_padding=\u00bb15px|40px|15px|40px|true|true\u00bb locked=\u00bboff\u00bb global_colors_info=\u00bb{}\u00bb][\/et_pb_button][\/et_pb_column][\/et_pb_row][\/et_pb_section][et_pb_section fb_built=\u00bb1&#8243; admin_label=\u00bbFeature\u00bb _builder_version=\u00bb4.20.2&#8243; background_image=\u00bbhttps:\/\/deporteadaptadoaragon.com\/wp-content\/uploads\/2023\/03\/Dava89.png\u00bb background_size=\u00bbcontain\u00bb background_position=\u00bbtop_left\u00bb custom_padding=\u00bb8vw||||false|false\u00bb global_colors_info=\u00bb{}\u00bb][et_pb_row column_structure=\u00bb1_2,1_2&#8243; _builder_version=\u00bb4.16&#8243; global_colors_info=\u00bb{}\u00bb][et_pb_column type=\u00bb1_2&#8243; _builder_version=\u00bb4.16&#8243; global_colors_info=\u00bb{}\u00bb][et_pb_image src=\u00bbhttps:\/\/deporteadaptadoaragon.com\/wp-content\/uploads\/2023\/03\/dava_logo_grande_sin_fondo-1.png\u00bb title_text=\u00bbdava_logo_grande_sin_fondo-1&#8243; _builder_version=\u00bb4.20.2&#8243; width=\u00bb90%\u00bb scroll_vertical_motion_enable=\u00bbon\u00bb scroll_vertical_motion=\u00bb0|50|50|100|0.5|0|-0.5&#8243; global_colors_info=\u00bb{}\u00bb][\/et_pb_image][\/et_pb_column][et_pb_column type=\u00bb1_2&#8243; _builder_version=\u00bb4.16&#8243; custom_padding=\u00bb|||50px|false|false\u00bb custom_padding_tablet=\u00bb|||0px|false|false\u00bb custom_padding_phone=\u00bb\u00bb custom_padding_last_edited=\u00bbon|tablet\u00bb global_colors_info=\u00bb{}\u00bb][et_pb_text _builder_version=\u00bb4.20.2&#8243; header_2_font=\u00bbMontserrat|900|on||||||\u00bb header_2_font_size=\u00bb60px\u00bb header_2_line_height=\u00bb1.2em\u00bb custom_margin=\u00bb||||false|false\u00bb header_2_font_size_tablet=\u00bb36px\u00bb header_2_font_size_phone=\u00bb24px\u00bb header_2_font_size_last_edited=\u00bbon|phone\u00bb locked=\u00bboff\u00bb global_colors_info=\u00bb{}\u00bb]<\/p>\n<h2>Cuenta Con DAVA:<\/h2>\n<p>[\/et_pb_text][et_pb_text _builder_version=\u00bb4.20.2&#8243; text_font=\u00bbMontserrat||||||||\u00bb text_font_size=\u00bb16px\u00bb text_line_height=\u00bb1.8em\u00bb text_font_size_tablet=\u00bb15px\u00bb text_font_size_phone=\u00bb14px\u00bb text_font_size_last_edited=\u00bbon|phone\u00bb locked=\u00bboff\u00bb global_colors_info=\u00bb{}\u00bb]<\/p>\n<p style=\"text-align: justify;\"><span>Organizamos\u00a0 tu experiencia en la monta\u00f1a o donde prefieras, en grupo o individual. El \u00fanico plan, es disfrutar! \u00bfTe atreves? Env\u00edanos un Whats App\u00a0\u00a0<\/span><\/p>\n<p>[\/et_pb_text][et_pb_button button_url=\u00bbhttps:\/\/api.whatsapp.com\/send?phone=34633410593&#038;text=Hola!%20Somos%20DAVA,%20%C2%BFen%20que%20podemos%20ayudarte?\u00bb url_new_window=\u00bbon\u00bb button_text=\u00bb\u00a1vamos!\u00bb button_alignment=\u00bbleft\u00bb _builder_version=\u00bb4.20.4&#8243; custom_button=\u00bbon\u00bb button_text_size=\u00bb14px\u00bb button_text_color=\u00bb#000000&#8243; button_bg_color=\u00bb#ffc602&#8243; button_border_color=\u00bbrgba(0,0,0,0)\u00bb button_border_radius=\u00bb0px\u00bb button_letter_spacing=\u00bb2px\u00bb button_font=\u00bbMontserrat|700||on|||||\u00bb button_icon=\u00bb&#x24;||divi||400&#8243; background_layout=\u00bbdark\u00bb custom_margin=\u00bb30px||||false|false\u00bb custom_padding=\u00bb15px|40px|15px|40px|true|true\u00bb locked=\u00bboff\u00bb global_colors_info=\u00bb{}\u00bb][\/et_pb_button][\/et_pb_column][\/et_pb_row][\/et_pb_section][et_pb_section fb_built=\u00bb1&#8243; admin_label=\u00bbFeatures\u00bb _builder_version=\u00bb4.16&#8243; background_image=\u00bbhttps:\/\/deporteadaptadoaragon.com\/wp-content\/uploads\/2023\/03\/fitness-coach-52-1.jpg\u00bb background_size=\u00bbcontain\u00bb background_position=\u00bbtop_right\u00bb custom_padding=\u00bb16vw||||false|false\u00bb global_colors_info=\u00bb{}\u00bb][et_pb_row _builder_version=\u00bb4.16&#8243; custom_margin=\u00bb|auto|3vw|auto|false|false\u00bb custom_padding=\u00bb0px|||||\u00bb locked=\u00bboff\u00bb global_colors_info=\u00bb{}\u00bb][et_pb_column type=\u00bb4_4&#8243; _builder_version=\u00bb4.16&#8243; global_colors_info=\u00bb{}\u00bb][et_pb_text _builder_version=\u00bb4.20.2&#8243; header_2_font=\u00bbMontserrat|900|on||||||\u00bb header_2_font_size=\u00bb60px\u00bb header_2_line_height=\u00bb1.2em\u00bb text_orientation=\u00bbcenter\u00bb background_layout=\u00bbdark\u00bb header_2_font_size_tablet=\u00bb36px\u00bb header_2_font_size_phone=\u00bb24px\u00bb header_2_font_size_last_edited=\u00bbon|phone\u00bb locked=\u00bboff\u00bb global_colors_info=\u00bb{}\u00bb]<\/p>\n<h2>Nuestras tarifas<\/h2>\n<p>[\/et_pb_text][\/et_pb_column][\/et_pb_row][et_pb_row _builder_version=\u00bb4.20.2&#8243; _module_preset=\u00bbdefault\u00bb global_colors_info=\u00bb{}\u00bb][et_pb_column type=\u00bb4_4&#8243; _builder_version=\u00bb4.20.2&#8243; _module_preset=\u00bbdefault\u00bb global_colors_info=\u00bb{}\u00bb][et_pb_text _builder_version=\u00bb4.20.2&#8243; _module_preset=\u00bbdefault\u00bb global_colors_info=\u00bb{}\u00bb]<\/p>\n<h4><strong>CLASES DE ESQU\u00cd:<\/strong><\/h4>\n<p>En DAVA consideramos el ESQU\u00cd, la actividad deportiva principal ya que nos ofrece una mayor oferta de adaptabilidad para personas con diversidad funcional de tipo f\u00edsico, psicol\u00f3gico o sensorial.<\/p>\n<p>Click aqu\u00ed para el listado de tarifas:<\/p>\n<p>[\/et_pb_text][et_pb_button button_url=\u00bb@ET-DC@eyJkeW5hbWljIjp0cnVlLCJjb250ZW50IjoicG9zdF9saW5rX3VybF9wYWdlIiwic2V0dGluZ3MiOnsicG9zdF9pZCI6IjE4NyJ9fQ==@\u00bb button_text=\u00bbTarifas\u00bb button_alignment=\u00bbcenter\u00bb _builder_version=\u00bb4.20.4&#8243; _dynamic_attributes=\u00bbbutton_url\u00bb _module_preset=\u00bbdefault\u00bb custom_button=\u00bbon\u00bb button_text_size=\u00bb14px\u00bb button_text_color=\u00bb#000000&#8243; button_bg_color=\u00bb#ffc602&#8243; button_border_color=\u00bbrgba(0,0,0,0)\u00bb button_border_radius=\u00bb0px\u00bb button_letter_spacing=\u00bb2px\u00bb button_font=\u00bbMontserrat|700||on|||||\u00bb button_icon=\u00bb&#x24;||divi||400&#8243; background_layout=\u00bbdark\u00bb custom_margin=\u00bb30px||||false|false\u00bb custom_padding=\u00bb15px|40px|15px|40px|true|true\u00bb locked=\u00bboff\u00bb global_colors_info=\u00bb{}\u00bb][\/et_pb_button][\/et_pb_column][\/et_pb_row][\/et_pb_section][et_pb_section fb_built=\u00bb1&#8243; _builder_version=\u00bb4.20.2&#8243; _module_preset=\u00bbdefault\u00bb global_colors_info=\u00bb{}\u00bb][et_pb_row column_structure=\u00bb1_3,1_3,1_3&#8243; _builder_version=\u00bb4.16&#8243; global_module=\u00bb116&#8243; saved_tabs=\u00bball\u00bb global_colors_info=\u00bb{}\u00bb][et_pb_column type=\u00bb1_3&#8243; _builder_version=\u00bb4.16&#8243; global_colors_info=\u00bb{}\u00bb][et_pb_text _builder_version=\u00bb4.20.4&#8243; text_font=\u00bbMontserrat||||||||\u00bb text_text_color=\u00bb#000000&#8243; text_font_size=\u00bb16px\u00bb text_line_height=\u00bb1.8em\u00bb header_4_font=\u00bbMontserrat|700|||||||\u00bb header_4_line_height=\u00bb1.8em\u00bb text_font_size_tablet=\u00bb15px\u00bb text_font_size_phone=\u00bb14px\u00bb text_font_size_last_edited=\u00bbon|phone\u00bb global_colors_info=\u00bb{}\u00bb]<\/p>\n<ul id=\"astra-footer-menu\" class=\"ast-nav-menu ast-flex astra-footer-vertical-menu astra-footer-tablet-vertical-menu astra-footer-mobile-vertical-menu\">\n<li id=\"menu-item-209\" class=\"menu-item menu-item-type-post_type menu-item-object-page menu-item-209\"><span style=\"color: #000000;\"><a href=\"https:\/\/deporteadaptadoaragon.com\/index.php\/aviso-legal\/\" class=\"menu-link\" style=\"color: #000000;\" target=\"_blank\" rel=\"noopener\" title=\"Aviso legal\">Aviso legal<\/a><\/span><\/li>\n<li id=\"menu-item-210\" class=\"menu-item menu-item-type-post_type menu-item-object-page menu-item-210\"><span style=\"color: #000000;\"><a href=\"https:\/\/deporteadaptadoaragon.com\/index.php\/politica-de-cookies\/\" class=\"menu-link\" style=\"color: #000000;\" target=\"_blank\" rel=\"noopener\" title=\"Pol\u00edtica de Cookies\">Pol\u00edtica de Cookies<\/a><\/span><\/li>\n<li id=\"menu-item-211\" class=\"menu-item menu-item-type-post_type menu-item-object-page menu-item-privacy-policy menu-item-211\"><span style=\"color: #000000;\"><a href=\"https:\/\/deporteadaptadoaragon.com\/index.php\/politica-de-privacidad\/\" class=\"menu-link\" style=\"color: #000000;\" target=\"_blank\" rel=\"noopener\" title=\"Pol\u00edtica de privacidad\">Pol\u00edtica de privacidad<\/a><\/span><\/li>\n<li id=\"menu-item-230\" class=\"menu-item menu-item-type-post_type menu-item-object-page menu-item-230\"><span style=\"color: #000000;\"><a href=\"https:\/\/deporteadaptadoaragon.com\/index.php\/condiciones-generales\/\" class=\"menu-link\" style=\"color: #000000;\" target=\"_blank\" rel=\"noopener\" title=\"CONDICIONES GENERALES\">CONDICIONES GENERALES<\/a><\/span><\/li>\n<\/ul>\n<p>[\/et_pb_text][\/et_pb_column][et_pb_column type=\u00bb1_3&#8243; _builder_version=\u00bb4.16&#8243; global_colors_info=\u00bb{}\u00bb][et_pb_text _builder_version=\u00bb4.23.1&#8243; text_font=\u00bbMontserrat||||||||\u00bb text_font_size=\u00bb16px\u00bb text_line_height=\u00bb1.8em\u00bb header_4_font=\u00bbMontserrat|700|||||||\u00bb header_4_line_height=\u00bb1.8em\u00bb custom_padding=\u00bb|13px||||\u00bb text_font_size_tablet=\u00bb15px\u00bb text_font_size_phone=\u00bb14px\u00bb text_font_size_last_edited=\u00bbon|phone\u00bb locked=\u00bboff\u00bb global_colors_info=\u00bb{}\u00bb]<\/p>\n<div class=\"footer-widget-area widget-area site-footer-focus-item ast-footer-html-2\" data-section=\"section-fb-html-2\">\n<div class=\"ast-header-html inner-link-style-\">\n<div class=\"ast-builder-html-element\">\n<p><span>Calle \u00c1ngela Lopez Jim\u00e9nez n\u00ba5, CP 50009, Zaragoza.<\/span><br \/><span>info@deporteadaptadoaragon.es<\/span><br \/><span>+34 633 410 593<\/span><\/p>\n<\/div>\n<\/div>\n<\/div>\n<div class=\"ast-builder-layout-element ast-flex site-footer-focus-item ast-footer-copyright\" data-section=\"section-footer-builder\">\n<div class=\"ast-footer-copyright\"><\/div>\n<\/div>\n<p>[\/et_pb_text][\/et_pb_column][et_pb_column type=\u00bb1_3&#8243; _builder_version=\u00bb4.16&#8243; global_colors_info=\u00bb{}\u00bb][et_pb_social_media_follow icon_color=\u00bb#000000&#8243; use_icon_font_size=\u00bbon\u00bb icon_font_size=\u00bb31px\u00bb _builder_version=\u00bb4.20.2&#8243; custom_margin=\u00bb||6px|||\u00bb global_colors_info=\u00bb{}\u00bb][et_pb_social_media_follow_network social_network=\u00bbinstagram\u00bb url=\u00bbhttps:\/\/www.instagram.com\/deporteadaptadoaragon\/\u00bb _builder_version=\u00bb4.20.2&#8243; background_color=\u00bb#ea2c59&#8243; background_enable_color=\u00bboff\u00bb global_colors_info=\u00bb{}\u00bb follow_button=\u00bboff\u00bb url_new_window=\u00bbon\u00bb]instagram[\/et_pb_social_media_follow_network][et_pb_social_media_follow_network social_network=\u00bbwhatsapp\u00bb url=\u00bbhttps:\/\/api.whatsapp.com\/send?phone=https:\/\/api.whatsapp.com\/send?phone=34633410593&#038;text=Hola!%20Somos%20DAVA,%20%C2%BFen%20que%20podemos%20ayudarte?\u00bb _builder_version=\u00bb4.20.2&#8243; _module_preset=\u00bbdefault\u00bb background_color=\u00bb#ea2c59&#8243; background_enable_color=\u00bboff\u00bb global_colors_info=\u00bb{}\u00bb follow_button=\u00bboff\u00bb url_new_window=\u00bbon\u00bb]whatsapp[\/et_pb_social_media_follow_network][\/et_pb_social_media_follow][et_pb_text _builder_version=\u00bb4.20.2&#8243; header_4_font=\u00bbMontserrat|700|||||||\u00bb header_4_line_height=\u00bb1.8em\u00bb custom_margin=\u00bb||0px||false|false\u00bb custom_padding=\u00bb3px||3px|||\u00bb locked=\u00bboff\u00bb global_colors_info=\u00bb{}\u00bb]<\/p>\n<p>Dise\u00f1o <span style=\"color: #000000;\"><a href=\"https:\/\/www.aradat.com\" target=\"_blank\" rel=\"noopener\" title=\"Aradat siustemas\" style=\"color: #000000;\">Aaradat Sistemas<\/a><\/span><\/p>\n<p>[\/et_pb_text][\/et_pb_column][\/et_pb_row][\/et_pb_section]<\/p>\n","protected":false},"excerpt":{"rendered":"<p>ACTIVIDADESSeg\u00fan en la \u00e9poca del a\u00f1o que nos encontremos, podremos practicar un deporte diferente.Esqu\u00ed alpino personalizado CLASES DE ESQU\u00cd PERSONALIZADAS Nuestras clases se distinguen por el aprendizaje significativo de la t\u00e9cnica del esqu\u00ed utilizando metodolog\u00edas de ense\u00f1anza innovadoras por medio de juegos y ejercicios t\u00e9cnicos. Las actividades son adaptadas a cada alumno\/a, edad, nivel y [&hellip;]<\/p>\n","protected":false},"author":1,"featured_media":0,"parent":0,"menu_order":0,"comment_status":"closed","ping_status":"closed","template":"page-template-blank.php","meta":{"_et_pb_use_builder":"on","_et_pb_old_content":"","_et_gb_content_width":"","footnotes":""},"class_list":["post-138","page","type-page","status-publish","hentry"],"_links":{"self":[{"href":"https:\/\/deporteadaptadoaragon.com\/index.php\/wp-json\/wp\/v2\/pages\/138","targetHints":{"allow":["GET"]}}],"collection":[{"href":"https:\/\/deporteadaptadoaragon.com\/index.php\/wp-json\/wp\/v2\/pages"}],"about":[{"href":"https:\/\/deporteadaptadoaragon.com\/index.php\/wp-json\/wp\/v2\/types\/page"}],"author":[{"embeddable":true,"href":"https:\/\/deporteadaptadoaragon.com\/index.php\/wp-json\/wp\/v2\/users\/1"}],"replies":[{"embeddable":true,"href":"https:\/\/deporteadaptadoaragon.com\/index.php\/wp-json\/wp\/v2\/comments?post=138"}],"version-history":[{"count":16,"href":"https:\/\/deporteadaptadoaragon.com\/index.php\/wp-json\/wp\/v2\/pages\/138\/revisions"}],"predecessor-version":[{"id":329,"href":"https:\/\/deporteadaptadoaragon.com\/index.php\/wp-json\/wp\/v2\/pages\/138\/revisions\/329"}],"wp:attachment":[{"href":"https:\/\/deporteadaptadoaragon.com\/index.php\/wp-json\/wp\/v2\/media?parent=138"}],"curies":[{"name":"wp","href":"https:\/\/api.w.org\/{rel}","templated":true}]}}