{"id":187,"date":"2023-03-29T17:14:20","date_gmt":"2023-03-29T17:14:20","guid":{"rendered":"https:\/\/deporteadaptadoaragon.com\/?page_id=187"},"modified":"2023-11-28T17:44:16","modified_gmt":"2023-11-28T17:44:16","slug":"tarfifas-esqui-adaptado","status":"publish","type":"page","link":"https:\/\/deporteadaptadoaragon.com\/index.php\/actividades\/tarfifas-esqui-adaptado\/","title":{"rendered":"Tarifas"},"content":{"rendered":"<p>[et_pb_section fb_built=\u00bb1&#8243; _builder_version=\u00bb4.20.2&#8243; _module_preset=\u00bbdefault\u00bb custom_padding=\u00bb||0px|||\u00bb global_colors_info=\u00bb{}\u00bb][et_pb_row column_structure=\u00bb1_2,1_2&#8243; _builder_version=\u00bb4.20.2&#8243; _module_preset=\u00bbdefault\u00bb custom_margin=\u00bb-49px|69px||auto||\u00bb custom_padding=\u00bb|0px|0px|0px||\u00bb global_module=\u00bb131&#8243; saved_tabs=\u00bball\u00bb global_colors_info=\u00bb{}\u00bb][et_pb_column type=\u00bb1_2&#8243; _builder_version=\u00bb4.20.2&#8243; _module_preset=\u00bbdefault\u00bb global_colors_info=\u00bb{}\u00bb][et_pb_image src=\u00bbhttps:\/\/deporteadaptadoaragon.com\/wp-content\/uploads\/2023\/11\/img9.jpg\u00bb title_text=\u00bbimg9&#8243; _builder_version=\u00bb4.23.1&#8243; _module_preset=\u00bbdefault\u00bb global_colors_info=\u00bb{}\u00bb][\/et_pb_image][\/et_pb_column][et_pb_column type=\u00bb1_2&#8243; _builder_version=\u00bb4.20.2&#8243; _module_preset=\u00bbdefault\u00bb global_colors_info=\u00bb{}\u00bb][et_pb_menu _builder_version=\u00bb4.20.2&#8243; _module_preset=\u00bbdefault\u00bb menu_font=\u00bb|700|||||||\u00bb background_color=\u00bbRGBA(255,255,255,0)\u00bb text_orientation=\u00bbright\u00bb custom_padding=\u00bb|0px||56px||\u00bb global_colors_info=\u00bb{}\u00bb][\/et_pb_menu][\/et_pb_column][\/et_pb_row][\/et_pb_section][et_pb_section fb_built=\u00bb1&#8243; fullwidth=\u00bbon\u00bb _builder_version=\u00bb4.20.2&#8243; _module_preset=\u00bbdefault\u00bb global_colors_info=\u00bb{}\u00bb][et_pb_fullwidth_slider _builder_version=\u00bb4.20.4&#8243; _module_preset=\u00bbdefault\u00bb background_image=\u00bbhttps:\/\/deporteadaptadoaragon.com\/wp-content\/uploads\/2023\/03\/pexels-eberhard-grossgasteiger-fondo-1.jpg\u00bb custom_button=\u00bbon\u00bb global_colors_info=\u00bb{}\u00bb][et_pb_slide heading=\u00bb\u00bfAlguna vez pensaste que no pod\u00edas?\u00bb button_text=\u00bb\u00bfest\u00e1s preparad@?\u00bb button_link=\u00bbhttps:\/\/api.whatsapp.com\/send?phone=34633410593&#038;text=Hola!%20Somos%20DAVA,%20%C2%BFen%20que%20podemos%20ayudarte?\u00bb url_new_window=\u00bbon\u00bb _builder_version=\u00bb4.20.4&#8243; _module_preset=\u00bbdefault\u00bb header_level=\u00bbh2&#8243; header_font=\u00bb|700|||||||\u00bb header_text_color=\u00bb#FFFFFF\u00bb header_font_size=\u00bb56px\u00bb custom_button=\u00bbon\u00bb button_text_color=\u00bb#FFFFFF\u00bb button_bg_color=\u00bbRGBA(255,255,255,0)\u00bb button_font=\u00bb|800|||||||\u00bb global_colors_info=\u00bb{}\u00bb sticky_transition=\u00bbon\u00bb]<\/p>\n<h3 style=\"text-align: justify;\"><strong>En DAVA el objetivo principal es la inclusi\u00f3n social de las personas con discapacidad f\u00edsica, intelectual o sensorial a trav\u00e9s del deporte.<\/strong><\/h3>\n<p>[\/et_pb_slide][\/et_pb_fullwidth_slider][\/et_pb_section][et_pb_section fb_built=\u00bb1&#8243; _builder_version=\u00bb4.20.2&#8243; _module_preset=\u00bbdefault\u00bb global_colors_info=\u00bb{}\u00bb][et_pb_row column_structure=\u00bb1_2,1_2&#8243; _builder_version=\u00bb4.20.2&#8243; _module_preset=\u00bbdefault\u00bb global_colors_info=\u00bb{}\u00bb][et_pb_column type=\u00bb1_2&#8243; _builder_version=\u00bb4.20.2&#8243; _module_preset=\u00bbdefault\u00bb global_colors_info=\u00bb{}\u00bb][et_pb_image src=\u00bbhttps:\/\/deporteadaptadoaragon.com\/wp-content\/uploads\/2023\/03\/ESQUI-ADAPTADO-ARAGON-1.jpg\u00bb title_text=\u00bbESQUI-ADAPTADO-ARAGON-1&#8243; _builder_version=\u00bb4.20.2&#8243; _module_preset=\u00bbdefault\u00bb transform_scale=\u00bb98%|98%\u00bb transform_translate=\u00bb0px|65px\u00bb custom_margin=\u00bb||-1px|||\u00bb custom_padding=\u00bb102px|||||\u00bb box_shadow_style=\u00bbpreset1&#8243; box_shadow_vertical=\u00bb10px\u00bb box_shadow_blur=\u00bb20px\u00bb global_colors_info=\u00bb{}\u00bb][\/et_pb_image][\/et_pb_column][et_pb_column type=\u00bb1_2&#8243; _builder_version=\u00bb4.20.2&#8243; _module_preset=\u00bbdefault\u00bb global_colors_info=\u00bb{}\u00bb][et_pb_text _builder_version=\u00bb4.23.1&#8243; _module_preset=\u00bbdefault\u00bb hover_enabled=\u00bb0&#8243; global_colors_info=\u00bb{}\u00bb sticky_enabled=\u00bb0&#8243;]<\/p>\n<h3 class=\"elementor-heading-title elementor-size-large\" style=\"text-align: center;\">CLASES DE ESQU\u00cd ALPINO<\/h3>\n<p>[\/et_pb_text][et_pb_pricing_tables _builder_version=\u00bb4.23.1&#8243; _module_preset=\u00bbdefault\u00bb header_font=\u00bb|600|||||||\u00bb min_height=\u00bb259.8px\u00bb custom_margin=\u00bb||-14px|||\u00bb custom_padding=\u00bb||15px|||\u00bb hover_enabled=\u00bb0&#8243; global_colors_info=\u00bb{}\u00bb sticky_enabled=\u00bb0&#8243;][et_pb_pricing_table title=\u00bb2 Horas\u00bb currency=\u00bb\u20ac\u00bb sum=\u00bb100&#8243; bullet_color=\u00bb#8ea124&#8243; header_background_color=\u00bb#8ea124&#8243; _builder_version=\u00bb4.20.2&#8243; _module_preset=\u00bbdefault\u00bb price_text_color=\u00bb#8ea124&#8243; price_font=\u00bb|600|||||||\u00bb currency_frequency_font=\u00bb|300|||||||\u00bb currency_frequency_font_size=\u00bb25px\u00bb global_colors_info=\u00bb{}\u00bb sticky_transition=\u00bbon\u00bb][\/et_pb_pricing_table][et_pb_pricing_table title=\u00bb3 Horas\u00bb currency=\u00bb\u20ac\u00bb sum=\u00bb150&#8243; bullet_color=\u00bb#8ea124&#8243; header_background_color=\u00bb#8ea124&#8243; _builder_version=\u00bb4.20.2&#8243; _module_preset=\u00bbdefault\u00bb price_text_color=\u00bb#8ea124&#8243; price_font=\u00bb|600|||||||\u00bb currency_frequency_font=\u00bb|300|||||||\u00bb currency_frequency_font_size=\u00bb25px\u00bb global_colors_info=\u00bb{}\u00bb sticky_transition=\u00bbon\u00bb][\/et_pb_pricing_table][\/et_pb_pricing_tables][et_pb_pricing_tables _builder_version=\u00bb4.20.2&#8243; _module_preset=\u00bbdefault\u00bb header_font=\u00bb|600|||||||\u00bb min_height=\u00bb259.8px\u00bb custom_margin=\u00bb||-14px|||\u00bb custom_padding=\u00bb||15px|||\u00bb locked=\u00bboff\u00bb global_colors_info=\u00bb{}\u00bb][et_pb_pricing_table title=\u00bb4 Horas\u00bb currency=\u00bb\u20ac\u00bb sum=\u00bb200&#8243; bullet_color=\u00bb#8ea124&#8243; header_background_color=\u00bb#8ea124&#8243; _builder_version=\u00bb4.20.2&#8243; _module_preset=\u00bbdefault\u00bb price_text_color=\u00bb#8ea124&#8243; price_font=\u00bb|600|||||||\u00bb currency_frequency_font=\u00bb|300|||||||\u00bb currency_frequency_font_size=\u00bb25px\u00bb global_colors_info=\u00bb{}\u00bb sticky_transition=\u00bbon\u00bb][\/et_pb_pricing_table][et_pb_pricing_table title=\u00bb5 Horas\u00bb currency=\u00bb\u20ac\u00bb sum=\u00bb250&#8243; bullet_color=\u00bb#8ea124&#8243; header_background_color=\u00bb#8ea124&#8243; _builder_version=\u00bb4.20.2&#8243; _module_preset=\u00bbdefault\u00bb price_text_color=\u00bb#8ea124&#8243; price_font=\u00bb|600|||||||\u00bb currency_frequency_font=\u00bb|300|||||||\u00bb currency_frequency_font_size=\u00bb25px\u00bb global_colors_info=\u00bb{}\u00bb sticky_transition=\u00bbon\u00bb][\/et_pb_pricing_table][\/et_pb_pricing_tables][et_pb_pricing_tables _builder_version=\u00bb4.20.2&#8243; _module_preset=\u00bbdefault\u00bb header_font=\u00bb|600|||||||\u00bb min_height=\u00bb259.8px\u00bb custom_margin=\u00bb||-14px|||\u00bb custom_padding=\u00bb||15px|||\u00bb locked=\u00bboff\u00bb global_colors_info=\u00bb{}\u00bb][et_pb_pricing_table title=\u00bb6 Horas\u00bb currency=\u00bb\u20ac\u00bb sum=\u00bb300&#8243; bullet_color=\u00bb#8ea124&#8243; header_background_color=\u00bb#8ea124&#8243; _builder_version=\u00bb4.20.2&#8243; _module_preset=\u00bbdefault\u00bb price_text_color=\u00bb#8ea124&#8243; price_font=\u00bb|600|||||||\u00bb currency_frequency_font=\u00bb|300|||||||\u00bb currency_frequency_font_size=\u00bb25px\u00bb global_colors_info=\u00bb{}\u00bb sticky_transition=\u00bbon\u00bb][\/et_pb_pricing_table][\/et_pb_pricing_tables][\/et_pb_column][\/et_pb_row][\/et_pb_section][et_pb_section fb_built=\u00bb1&#8243; _builder_version=\u00bb4.20.2&#8243; _module_preset=\u00bbdefault\u00bb global_colors_info=\u00bb{}\u00bb][et_pb_row _builder_version=\u00bb4.20.2&#8243; _module_preset=\u00bbdefault\u00bb global_colors_info=\u00bb{}\u00bb][et_pb_column type=\u00bb4_4&#8243; _builder_version=\u00bb4.20.2&#8243; _module_preset=\u00bbdefault\u00bb global_colors_info=\u00bb{}\u00bb][et_pb_text _builder_version=\u00bb4.20.2&#8243; _module_preset=\u00bbdefault\u00bb global_colors_info=\u00bb{}\u00bb]<\/p>\n<h1 class=\"elementor-heading-title elementor-size-default\"><strong>BONOS PERSONALIZADOS<\/strong><\/h1>\n<p>[\/et_pb_text][\/et_pb_column][\/et_pb_row][et_pb_row column_structure=\u00bb1_2,1_2&#8243; _builder_version=\u00bb4.20.2&#8243; _module_preset=\u00bbdefault\u00bb global_colors_info=\u00bb{}\u00bb][et_pb_column type=\u00bb1_2&#8243; _builder_version=\u00bb4.20.2&#8243; _module_preset=\u00bbdefault\u00bb global_colors_info=\u00bb{}\u00bb][et_pb_text _builder_version=\u00bb4.23.1&#8243; _module_preset=\u00bbdefault\u00bb hover_enabled=\u00bb0&#8243; global_colors_info=\u00bb{}\u00bb sticky_enabled=\u00bb0&#8243;]<\/p>\n<h2><img loading=\"lazy\" decoding=\"async\" class=\"emoji\" role=\"img\" draggable=\"false\" src=\"https:\/\/s.w.org\/images\/core\/emoji\/14.0.0\/svg\/27a1.svg\" alt=\"\u27a1\" width=\"21\" height=\"21\" \/>\u00a0BONO FIN DE SEMANA Y FESTIVOS<strong>:<\/strong><\/h2>\n<p style=\"text-align: justify;\">Consta de 10h de clases de esqu\u00ed findes y festivos = 475\u20ac<br \/>El bono es para clases particulares, con la posibilidad de aumentar la clase a 3 personas a\u00f1adiendo 5\u20ac\/pers. A partir del 2\u00baparticipante.<\/p>\n<p>[\/et_pb_text][\/et_pb_column][et_pb_column type=\u00bb1_2&#8243; _builder_version=\u00bb4.20.2&#8243; _module_preset=\u00bbdefault\u00bb global_colors_info=\u00bb{}\u00bb][et_pb_blurb title=\u00bb EVALUACIONES PERSONALIZADAS\u00bb image=\u00bbhttps:\/\/deporteadaptadoaragon.com\/wp-content\/uploads\/2023\/03\/fitness-icon-yellow-4.png\u00bb _builder_version=\u00bb4.23.1&#8243; _module_preset=\u00bbdefault\u00bb hover_enabled=\u00bb0&#8243; sticky_enabled=\u00bb0&#8243; title_text=\u00bbfitness-icon-yellow-4&#8243;]<\/p>\n<p>En D.A.V.A se realiza a cada deportista una evaluaci\u00f3n inicial (f\u00edsica \/ cognitiva) para determinar cual es el material adaptado \u00f3ptimo para cada uno de nuestros participantes y de esta forma poder dise\u00f1ar la mejor experiencia deportiva con un seguimiento continuo.<\/p>\n<p>[\/et_pb_blurb][\/et_pb_column][\/et_pb_row][\/et_pb_section][et_pb_section fb_built=\u00bb1&#8243; _builder_version=\u00bb4.20.2&#8243; _module_preset=\u00bbdefault\u00bb global_colors_info=\u00bb{}\u00bb][et_pb_row column_structure=\u00bb1_2,1_2&#8243; _builder_version=\u00bb4.20.2&#8243; _module_preset=\u00bbdefault\u00bb global_colors_info=\u00bb{}\u00bb][et_pb_column type=\u00bb1_2&#8243; _builder_version=\u00bb4.20.2&#8243; _module_preset=\u00bbdefault\u00bb global_colors_info=\u00bb{}\u00bb][et_pb_image src=\u00bbhttps:\/\/deporteadaptadoaragon.com\/wp-content\/uploads\/2023\/03\/semana-blanca-astun.jpg\u00bb title_text=\u00bbsemana-blanca-astun\u00bb _builder_version=\u00bb4.23.1&#8243; _module_preset=\u00bbdefault\u00bb hover_enabled=\u00bb0&#8243; box_shadow_style=\u00bbpreset1&#8243; box_shadow_vertical=\u00bb10px\u00bb box_shadow_blur=\u00bb20px\u00bb global_colors_info=\u00bb{}\u00bb sticky_enabled=\u00bb0&#8243;][\/et_pb_image][\/et_pb_column][et_pb_column type=\u00bb1_2&#8243; _builder_version=\u00bb4.20.2&#8243; _module_preset=\u00bbdefault\u00bb global_colors_info=\u00bb{}\u00bb][et_pb_text _builder_version=\u00bb4.23.1&#8243; _module_preset=\u00bbdefault\u00bb custom_padding=\u00bb156px|||||\u00bb hover_enabled=\u00bb0&#8243; global_colors_info=\u00bb{}\u00bb sticky_enabled=\u00bb0&#8243;]<\/p>\n<div class=\"elementor-element elementor-element-3422665 elementor-widget elementor-widget-heading\" data-id=\"3422665\" data-element_type=\"widget\" data-widget_type=\"heading.default\">\n<div class=\"elementor-widget-container\">\n<h2 class=\"elementor-heading-title elementor-size-large\"><strong>SEMANA BLANCA ESCOLAR<\/strong><\/h2>\n<\/div>\n<\/div>\n<div class=\"elementor-element elementor-element-d4412b1 elementor-widget elementor-widget-text-editor\" data-id=\"d4412b1\" data-element_type=\"widget\" data-widget_type=\"text-editor.default\">\n<div class=\"elementor-widget-container\">\n<h4><\/h4>\n<p>Viajes de semana blanca para colegios o institutos.<\/p>\n<p>Organizamos tu semana blanca para que los escolares vivan una experiencia divertido y con mucho aprendizaje.<\/p>\n<\/div>\n<\/div>\n<p>[\/et_pb_text][et_pb_button button_url=\u00bbhttps:\/\/api.whatsapp.com\/send?phone=34633410593&#038;text=Hola!%20Somos%20DAVA,%20%C2%BFen%20que%20podemos%20ayudarte?\u00bb url_new_window=\u00bbon\u00bb button_text=\u00bbtarifas\u00bb button_alignment=\u00bbright\u00bb _builder_version=\u00bb4.23.1&#8243; _module_preset=\u00bbdefault\u00bb custom_button=\u00bbon\u00bb button_text_size=\u00bb14px\u00bb button_text_color=\u00bb#000000&#8243; button_bg_color=\u00bb#ffc602&#8243; button_border_color=\u00bbrgba(0,0,0,0)\u00bb button_border_radius=\u00bb0px\u00bb button_letter_spacing=\u00bb2px\u00bb button_font=\u00bbMontserrat|700||on|||||\u00bb button_icon=\u00bb&#x24;||divi||400&#8243; background_layout=\u00bbdark\u00bb custom_margin=\u00bb30px||||false|false\u00bb custom_padding=\u00bb15px|40px|15px|40px|true|true\u00bb global_colors_info=\u00bb{}\u00bb][\/et_pb_button][\/et_pb_column][\/et_pb_row][et_pb_row column_structure=\u00bb1_2,1_2&#8243; _builder_version=\u00bb4.20.2&#8243; _module_preset=\u00bbdefault\u00bb global_colors_info=\u00bb{}\u00bb][et_pb_column type=\u00bb1_2&#8243; _builder_version=\u00bb4.20.2&#8243; _module_preset=\u00bbdefault\u00bb global_colors_info=\u00bb{}\u00bb][et_pb_text _builder_version=\u00bb4.23.1&#8243; _module_preset=\u00bbdefault\u00bb custom_padding=\u00bb157px|||||\u00bb hover_enabled=\u00bb0&#8243; global_colors_info=\u00bb{}\u00bb sticky_enabled=\u00bb0&#8243;]<\/p>\n<h2><strong>ALQUILER DE MATERIAL:<\/strong><\/h2>\n<p>Por d\u00eda y uso:<br \/>\u2013 Dual ski y monoski: 60\u20ac\/d\u00eda<br \/>\u2013 Estabilos: 30\u20ac\/d\u00eda.<br \/>*Si se desea alquilar material de esqu\u00ed adaptado se deber\u00e1 firmar un contrato de confidencialidad en el que se especifica que cualquier da\u00f1o o deterioro ocasionado en el producto alquilado, conlleva a pagar la totalidad del producto a la hora de comprarlo.<\/p>\n<p>[\/et_pb_text][\/et_pb_column][et_pb_column type=\u00bb1_2&#8243; _builder_version=\u00bb4.20.2&#8243; _module_preset=\u00bbdefault\u00bb global_colors_info=\u00bb{}\u00bb][et_pb_image src=\u00bbhttps:\/\/deporteadaptadoaragon.com\/wp-content\/uploads\/2023\/03\/alquiler-material.jpg\u00bb title_text=\u00bbalquiler-material\u00bb _builder_version=\u00bb4.20.2&#8243; _module_preset=\u00bbdefault\u00bb box_shadow_style=\u00bbpreset1&#8243; box_shadow_vertical=\u00bb10px\u00bb box_shadow_blur=\u00bb20px\u00bb global_colors_info=\u00bb{}\u00bb][\/et_pb_image][\/et_pb_column][\/et_pb_row][\/et_pb_section][et_pb_section fb_built=\u00bb1&#8243; _builder_version=\u00bb4.20.2&#8243; _module_preset=\u00bbdefault\u00bb custom_padding=\u00bb||5px|||\u00bb global_colors_info=\u00bb{}\u00bb][et_pb_row column_structure=\u00bb1_3,1_3,1_3&#8243; _builder_version=\u00bb4.16&#8243; global_module=\u00bb116&#8243; saved_tabs=\u00bball\u00bb global_colors_info=\u00bb{}\u00bb][et_pb_column type=\u00bb1_3&#8243; _builder_version=\u00bb4.16&#8243; global_colors_info=\u00bb{}\u00bb][et_pb_text _builder_version=\u00bb4.20.4&#8243; text_font=\u00bbMontserrat||||||||\u00bb text_text_color=\u00bb#000000&#8243; text_font_size=\u00bb16px\u00bb text_line_height=\u00bb1.8em\u00bb header_4_font=\u00bbMontserrat|700|||||||\u00bb header_4_line_height=\u00bb1.8em\u00bb text_font_size_tablet=\u00bb15px\u00bb text_font_size_phone=\u00bb14px\u00bb text_font_size_last_edited=\u00bbon|phone\u00bb global_colors_info=\u00bb{}\u00bb]<\/p>\n<ul id=\"astra-footer-menu\" class=\"ast-nav-menu ast-flex astra-footer-vertical-menu astra-footer-tablet-vertical-menu astra-footer-mobile-vertical-menu\">\n<li id=\"menu-item-209\" class=\"menu-item menu-item-type-post_type menu-item-object-page menu-item-209\"><span style=\"color: #000000;\"><a href=\"https:\/\/deporteadaptadoaragon.com\/index.php\/aviso-legal\/\" class=\"menu-link\" style=\"color: #000000;\" target=\"_blank\" rel=\"noopener\" title=\"Aviso legal\">Aviso legal<\/a><\/span><\/li>\n<li id=\"menu-item-210\" class=\"menu-item menu-item-type-post_type menu-item-object-page menu-item-210\"><span style=\"color: #000000;\"><a href=\"https:\/\/deporteadaptadoaragon.com\/index.php\/politica-de-cookies\/\" class=\"menu-link\" style=\"color: #000000;\" target=\"_blank\" rel=\"noopener\" title=\"Pol\u00edtica de Cookies\">Pol\u00edtica de Cookies<\/a><\/span><\/li>\n<li id=\"menu-item-211\" class=\"menu-item menu-item-type-post_type menu-item-object-page menu-item-privacy-policy menu-item-211\"><span style=\"color: #000000;\"><a href=\"https:\/\/deporteadaptadoaragon.com\/index.php\/politica-de-privacidad\/\" class=\"menu-link\" style=\"color: #000000;\" target=\"_blank\" rel=\"noopener\" title=\"Pol\u00edtica de privacidad\">Pol\u00edtica de privacidad<\/a><\/span><\/li>\n<li id=\"menu-item-230\" class=\"menu-item menu-item-type-post_type menu-item-object-page menu-item-230\"><span style=\"color: #000000;\"><a href=\"https:\/\/deporteadaptadoaragon.com\/index.php\/condiciones-generales\/\" class=\"menu-link\" style=\"color: #000000;\" target=\"_blank\" rel=\"noopener\" title=\"CONDICIONES GENERALES\">CONDICIONES GENERALES<\/a><\/span><\/li>\n<\/ul>\n<p>[\/et_pb_text][\/et_pb_column][et_pb_column type=\u00bb1_3&#8243; _builder_version=\u00bb4.16&#8243; global_colors_info=\u00bb{}\u00bb][et_pb_text _builder_version=\u00bb4.23.1&#8243; text_font=\u00bbMontserrat||||||||\u00bb text_font_size=\u00bb16px\u00bb text_line_height=\u00bb1.8em\u00bb header_4_font=\u00bbMontserrat|700|||||||\u00bb header_4_line_height=\u00bb1.8em\u00bb custom_padding=\u00bb|13px||||\u00bb text_font_size_tablet=\u00bb15px\u00bb text_font_size_phone=\u00bb14px\u00bb text_font_size_last_edited=\u00bbon|phone\u00bb locked=\u00bboff\u00bb global_colors_info=\u00bb{}\u00bb]<\/p>\n<div class=\"footer-widget-area widget-area site-footer-focus-item ast-footer-html-2\" data-section=\"section-fb-html-2\">\n<div class=\"ast-header-html inner-link-style-\">\n<div class=\"ast-builder-html-element\">\n<p><span>Calle \u00c1ngela Lopez Jim\u00e9nez n\u00ba5, CP 50009, Zaragoza.<\/span><br \/><span>info@deporteadaptadoaragon.es<\/span><br \/><span>+34 633 410 593<\/span><\/p>\n<\/div>\n<\/div>\n<\/div>\n<div class=\"ast-builder-layout-element ast-flex site-footer-focus-item ast-footer-copyright\" data-section=\"section-footer-builder\">\n<div class=\"ast-footer-copyright\"><\/div>\n<\/div>\n<p>[\/et_pb_text][\/et_pb_column][et_pb_column type=\u00bb1_3&#8243; _builder_version=\u00bb4.16&#8243; global_colors_info=\u00bb{}\u00bb][et_pb_social_media_follow icon_color=\u00bb#000000&#8243; use_icon_font_size=\u00bbon\u00bb icon_font_size=\u00bb31px\u00bb _builder_version=\u00bb4.20.2&#8243; custom_margin=\u00bb||6px|||\u00bb global_colors_info=\u00bb{}\u00bb][et_pb_social_media_follow_network social_network=\u00bbinstagram\u00bb url=\u00bbhttps:\/\/www.instagram.com\/deporteadaptadoaragon\/\u00bb _builder_version=\u00bb4.20.2&#8243; background_color=\u00bb#ea2c59&#8243; background_enable_color=\u00bboff\u00bb global_colors_info=\u00bb{}\u00bb follow_button=\u00bboff\u00bb url_new_window=\u00bbon\u00bb]instagram[\/et_pb_social_media_follow_network][et_pb_social_media_follow_network social_network=\u00bbwhatsapp\u00bb url=\u00bbhttps:\/\/api.whatsapp.com\/send?phone=https:\/\/api.whatsapp.com\/send?phone=34633410593&#038;text=Hola!%20Somos%20DAVA,%20%C2%BFen%20que%20podemos%20ayudarte?\u00bb _builder_version=\u00bb4.20.2&#8243; _module_preset=\u00bbdefault\u00bb background_color=\u00bb#ea2c59&#8243; background_enable_color=\u00bboff\u00bb global_colors_info=\u00bb{}\u00bb follow_button=\u00bboff\u00bb url_new_window=\u00bbon\u00bb]whatsapp[\/et_pb_social_media_follow_network][\/et_pb_social_media_follow][et_pb_text _builder_version=\u00bb4.20.2&#8243; header_4_font=\u00bbMontserrat|700|||||||\u00bb header_4_line_height=\u00bb1.8em\u00bb custom_margin=\u00bb||0px||false|false\u00bb custom_padding=\u00bb3px||3px|||\u00bb locked=\u00bboff\u00bb global_colors_info=\u00bb{}\u00bb]<\/p>\n<p>Dise\u00f1o <span style=\"color: #000000;\"><a href=\"https:\/\/www.aradat.com\" target=\"_blank\" rel=\"noopener\" title=\"Aradat siustemas\" style=\"color: #000000;\">Aaradat Sistemas<\/a><\/span><\/p>\n<p>[\/et_pb_text][\/et_pb_column][\/et_pb_row][\/et_pb_section]<\/p>\n","protected":false},"excerpt":{"rendered":"<p>En DAVA el objetivo principal es la inclusi\u00f3n social de las personas con discapacidad f\u00edsica, intelectual o sensorial a trav\u00e9s del deporte.CLASES DE ESQU\u00cd ALPINOBONOS PERSONALIZADOS\u00a0BONO FIN DE SEMANA Y FESTIVOS: Consta de 10h de clases de esqu\u00ed findes y festivos = 475\u20acEl bono es para clases particulares, con la posibilidad de aumentar la clase [&hellip;]<\/p>\n","protected":false},"author":1,"featured_media":0,"parent":138,"menu_order":0,"comment_status":"closed","ping_status":"closed","template":"page-template-blank.php","meta":{"_et_pb_use_builder":"on","_et_pb_old_content":"","_et_gb_content_width":"","footnotes":""},"class_list":["post-187","page","type-page","status-publish","hentry"],"_links":{"self":[{"href":"https:\/\/deporteadaptadoaragon.com\/index.php\/wp-json\/wp\/v2\/pages\/187","targetHints":{"allow":["GET"]}}],"collection":[{"href":"https:\/\/deporteadaptadoaragon.com\/index.php\/wp-json\/wp\/v2\/pages"}],"about":[{"href":"https:\/\/deporteadaptadoaragon.com\/index.php\/wp-json\/wp\/v2\/types\/page"}],"author":[{"embeddable":true,"href":"https:\/\/deporteadaptadoaragon.com\/index.php\/wp-json\/wp\/v2\/users\/1"}],"replies":[{"embeddable":true,"href":"https:\/\/deporteadaptadoaragon.com\/index.php\/wp-json\/wp\/v2\/comments?post=187"}],"version-history":[{"count":14,"href":"https:\/\/deporteadaptadoaragon.com\/index.php\/wp-json\/wp\/v2\/pages\/187\/revisions"}],"predecessor-version":[{"id":325,"href":"https:\/\/deporteadaptadoaragon.com\/index.php\/wp-json\/wp\/v2\/pages\/187\/revisions\/325"}],"up":[{"embeddable":true,"href":"https:\/\/deporteadaptadoaragon.com\/index.php\/wp-json\/wp\/v2\/pages\/138"}],"wp:attachment":[{"href":"https:\/\/deporteadaptadoaragon.com\/index.php\/wp-json\/wp\/v2\/media?parent=187"}],"curies":[{"name":"wp","href":"https:\/\/api.w.org\/{rel}","templated":true}]}}